{"version":"1.0","provider_name":"www.hillclimbportal.com","provider_url":"http:\/\/www.rallycross-photo.com\/heuvelklim2","author_name":"Heuvelklim","author_url":"http:\/\/www.rallycross-photo.com\/heuvelklim2\/author\/moezkatten\/","title":"Results \u00dasteck\u00e1 21\u00a0(\u00dast\u00ed nad Orlic\u00ed) 2019 - www.hillclimbportal.com","type":"rich","width":600,"height":338,"html":"<blockquote class=\"wp-embedded-content\"><a href=\"http:\/\/www.rallycross-photo.com\/heuvelklim2\/results-ustecka-21-usti-nad-orlici-2019\/\">Results \u00dasteck\u00e1 21\u00a0(\u00dast\u00ed nad Orlic\u00ed) 2019<\/a><\/blockquote>\n<script type='text\/javascript'>\n<!--\/\/--><![CDATA[\/\/><!--\n\t\t\/*! This file is auto-generated *\/\n\t\t!function(d,l){\"use strict\";var e=!1,n=!1;if(l.querySelector)if(d.addEventListener)e=!0;if(d.wp=d.wp||{},!d.wp.receiveEmbedMessage)if(d.wp.receiveEmbedMessage=function(e){var t=e.data;if(t)if(t.secret||t.message||t.value)if(!\/[^a-zA-Z0-9]\/.test(t.secret)){for(var r,i,a,s=l.querySelectorAll('iframe[data-secret=\"'+t.secret+'\"]'),n=l.querySelectorAll('blockquote[data-secret=\"'+t.secret+'\"]'),o=new RegExp(\"^https?:$\",\"i\"),c=0;c<n.length;c++)n[c].style.display=\"none\";for(c=0;c<s.length;c++)if(r=s[c],e.source===r.contentWindow){if(r.removeAttribute(\"style\"),\"height\"===t.message){if(1e3<(a=parseInt(t.value,10)))a=1e3;else if(~~a<200)a=200;r.height=a}if(\"link\"===t.message)if(i=l.createElement(\"a\"),a=l.createElement(\"a\"),i.href=r.getAttribute(\"src\"),a.href=t.value,o.test(a.protocol))if(a.host===i.host)if(l.activeElement===r)d.top.location.href=t.value}}},e)d.addEventListener(\"message\",d.wp.receiveEmbedMessage,!1),l.addEventListener(\"DOMContentLoaded\",t,!1),d.addEventListener(\"load\",t,!1);function t(){if(!n){n=!0;for(var e,t,r=-1!==navigator.appVersion.indexOf(\"MSIE 10\"),i=!!navigator.userAgent.match(\/Trident.*rv:11\\.\/),a=l.querySelectorAll(\"iframe.wp-embedded-content\"),s=0;s<a.length;s++){if(!(e=a[s]).getAttribute(\"data-secret\"))t=Math.random().toString(36).substr(2,10),e.src+=\"#?secret=\"+t,e.setAttribute(\"data-secret\",t);if(r||i)(t=e.cloneNode(!0)).removeAttribute(\"security\"),e.parentNode.replaceChild(t,e)}}}}(window,document);\n\/\/--><!]]>\n<\/script><iframe sandbox=\"allow-scripts\" security=\"restricted\" src=\"http:\/\/www.rallycross-photo.com\/heuvelklim2\/results-ustecka-21-usti-nad-orlici-2019\/embed\/\" width=\"600\" height=\"338\" title=\"&#8220;Results \u00dasteck\u00e1 21\u00a0(\u00dast\u00ed nad Orlic\u00ed) 2019&#8221; &#8212; www.hillclimbportal.com\" frameborder=\"0\" marginwidth=\"0\" marginheight=\"0\" scrolling=\"no\" class=\"wp-embedded-content\"><\/iframe>","thumbnail_url":"http:\/\/www.rallycross-photo.com\/heuvelklim2\/wp-content\/uploads\/2019\/08\/190825_ustecka21.jpg","thumbnail_width":681,"thumbnail_height":960,"description":"Results of the \u00dasteck\u00e1 21 near\u00a0\u00dast\u00ed nad Orlic\u00ed, the final round of the International Hillclimb Cup. S\u00e9bastien Petit, Peter Ambruz and Karel Trneny are the new champions. Complete final points standings will follow later. The \u00dasteck\u00e1 21\u00a0Hillclimb also counted towards the European Historic Hillclimb Championship and the national championships of the Czech Republic and Slovakia."}